{"id":399,"date":"2018-02-17T11:06:31","date_gmt":"2018-02-17T11:06:31","guid":{"rendered":"http:\/\/www.ardh.pt\/?page_id=399"},"modified":"2018-07-28T15:52:30","modified_gmt":"2018-07-28T15:52:30","slug":"sobre-nos","status":"publish","type":"page","link":"https:\/\/www.ardh.pt\/en\/ecv\/sobre-nos\/","title":{"rendered":"About us"},"content":{"rendered":"<div id=\"pl-399\"  class=\"panel-layout\" ><div id=\"pg-399-0\"  class=\"panel-grid panel-no-style\" ><div id=\"pgc-399-0-0\"  class=\"panel-grid-cell\" ><div id=\"panel-399-0-0-0\" class=\"so-panel widget widget_themegrill_flash_image tg-widget tg-image-widget panel-first-child panel-last-child\" data-index=\"0\" >\t<img decoding=\"async\" src=\"\/wp-content\/uploads\/2018\/02\/UMinho2-e1523990251332.jpg\" \/>\n<\/div><\/div><\/div><div id=\"pg-399-1\"  class=\"panel-grid panel-no-style\" ><div id=\"pgc-399-1-0\"  class=\"panel-grid-cell\" ><div id=\"panel-399-1-0-0\" class=\"so-panel widget widget_text panel-first-child panel-last-child\" data-index=\"1\" >\t\t\t<div class=\"textwidget\"><p>O projeto Escola Compet\u00eancias de Vida (ECV) foi desenvolvido pelo grupo de investiga\u00e7\u00e3o Adapta\u00e7\u00e3o, Rendimento e Desenvolvimento Humano (ARDH-GI), visando treinar compet\u00eancias de vida em pessoas com vontade em melhorar as suas potencialidades pessoais, relacionais e de gest\u00e3o de equipas.<\/p>\n<p>O projeto decorre na Escola de Psicologia (EPsi) da Universidade do Minho (UMinho), enquadrando-se no \u00e2mbito do funcionamento da Associa\u00e7\u00e3o de Psicologia da Universidade do Minho (APsi). Esta associa\u00e7\u00e3o visa prestar servi\u00e7os de Psicologia \u00e0 comunidade, resultando de uma parceria entre a Universidade do Minho, atrav\u00e9s da Escola de Psicologia e dos Servi\u00e7os de A\u00e7\u00e3o Social, e as C\u00e2maras Municipais de Braga e de Guimar\u00e3es, dada a sua proximidade com a comunidade local.<\/p>\n<p>A ECV desenvolve-se nesta l\u00f3gica de presta\u00e7\u00e3o de servi\u00e7os \u00e0 comunidade, baseando-se em indicadores conceptuais e emp\u00edricos acerca da efic\u00e1cia e vantagens da interven\u00e7\u00e3o nas \u00e1reas das compet\u00eancias de vida.<\/p>\n<p>O projeto tem, por isso, uma matriz de &#8220;investiga\u00e7\u00e3o-a\u00e7\u00e3o&#8221;, decorrendo dos trabalhos de investiga\u00e7\u00e3o do grupo ARDH, onde o tema da promo\u00e7\u00e3o de compet\u00eancias de vida \u00e9 estruturante no trabalho realizado.<\/p>\n<p>A ECV estrutura-se em torno de dois projetos principais, ambos relacionados com o treino de compet\u00eancias de vida: o programa ProELid e o programa Psi.Performance, ambos dedicados ao desenvolvimento das potencialidades humanas.<\/p>\n<p>Em s\u00edntese, a Escola Compet\u00eancias de Vida \u00e9 a nossa proposta de interven\u00e7\u00e3o na estimula\u00e7\u00e3o das potencialidades humanas! Se este tema lhe interessa, ent\u00e3o bem-vindo \u00e0 ECV!<\/p>\n<p>Rui Gomes<br \/>\nRespons\u00e1vel pelo programa | Coordenador Cient\u00edfico.<\/p>\n<\/div>\n\t\t<\/div><\/div><\/div><\/div>","protected":false},"excerpt":{"rendered":"<p>O projeto Escola Compet\u00eancias de Vida (ECV) foi desenvolvido pelo grupo de investiga\u00e7\u00e3o Adapta\u00e7\u00e3o, Rendimento e Desenvolvimento Humano (ARDH-GI), visando [&hellip;]<\/p>","protected":false},"author":1,"featured_media":0,"parent":155,"menu_order":0,"comment_status":"closed","ping_status":"closed","template":"","meta":{"om_disable_all_campaigns":false,"_monsterinsights_skip_tracking":false,"_monsterinsights_sitenote_active":false,"_monsterinsights_sitenote_note":"","_monsterinsights_sitenote_category":0,"_uf_show_specific_survey":0,"_uf_disable_surveys":false,"footnotes":""},"class_list":["post-399","page","type-page","status-publish","hentry"],"yoast_head":"<!-- This site is optimized with the Yoast SEO plugin v24.1 - https:\/\/yoast.com\/wordpress\/plugins\/seo\/ -->\n<title>Sobre N\u00f3s - ARDH-GI<\/title>\n<meta name=\"robots\" content=\"index, follow, max-snippet:-1, max-image-preview:large, max-video-preview:-1\" \/>\n<link rel=\"canonical\" href=\"https:\/\/www.ardh.pt\/en\/ecv\/sobre-nos\/\" \/>\n<meta property=\"og:locale\" content=\"en_GB\" \/>\n<meta property=\"og:type\" content=\"article\" \/>\n<meta property=\"og:title\" content=\"Sobre N\u00f3s - ARDH-GI\" \/>\n<meta property=\"og:description\" content=\"O projeto Escola Compet\u00eancias de Vida (ECV) foi desenvolvido pelo grupo de investiga\u00e7\u00e3o Adapta\u00e7\u00e3o, Rendimento e Desenvolvimento Humano (ARDH-GI), visando [&hellip;]\" \/>\n<meta property=\"og:url\" content=\"https:\/\/www.ardh.pt\/en\/ecv\/sobre-nos\/\" \/>\n<meta property=\"og:site_name\" content=\"ARDH-GI\" \/>\n<meta property=\"article:modified_time\" content=\"2018-07-28T15:52:30+00:00\" \/>\n<meta name=\"twitter:card\" content=\"summary_large_image\" \/>\n<meta name=\"twitter:label1\" content=\"Estimated reading time\" \/>\n\t<meta name=\"twitter:data1\" content=\"1 minute\" \/>\n<script type=\"application\/ld+json\" class=\"yoast-schema-graph\">{\"@context\":\"https:\/\/schema.org\",\"@graph\":[{\"@type\":\"WebPage\",\"@id\":\"https:\/\/www.ardh.pt\/ecv\/sobre-nos\/\",\"url\":\"https:\/\/www.ardh.pt\/ecv\/sobre-nos\/\",\"name\":\"Sobre N\u00f3s - ARDH-GI\",\"isPartOf\":{\"@id\":\"https:\/\/www.ardh.pt\/#website\"},\"datePublished\":\"2018-02-17T11:06:31+00:00\",\"dateModified\":\"2018-07-28T15:52:30+00:00\",\"breadcrumb\":{\"@id\":\"https:\/\/www.ardh.pt\/ecv\/sobre-nos\/#breadcrumb\"},\"inLanguage\":\"en-GB\",\"potentialAction\":[{\"@type\":\"ReadAction\",\"target\":[\"https:\/\/www.ardh.pt\/ecv\/sobre-nos\/\"]}]},{\"@type\":\"BreadcrumbList\",\"@id\":\"https:\/\/www.ardh.pt\/ecv\/sobre-nos\/#breadcrumb\",\"itemListElement\":[{\"@type\":\"ListItem\",\"position\":1,\"name\":\"In\u00edcio\",\"item\":\"https:\/\/www.ardh.pt\/\"},{\"@type\":\"ListItem\",\"position\":2,\"name\":\"ECV\",\"item\":\"https:\/\/www.ardh.pt\/ecv\/\"},{\"@type\":\"ListItem\",\"position\":3,\"name\":\"Sobre N\u00f3s\"}]},{\"@type\":\"WebSite\",\"@id\":\"https:\/\/www.ardh.pt\/#website\",\"url\":\"https:\/\/www.ardh.pt\/\",\"name\":\"ARDH-GI\",\"description\":\"Adapta\u00e7\u00e3o, Rendimento e Desenvolvimento Humano\",\"publisher\":{\"@id\":\"https:\/\/www.ardh.pt\/#organization\"},\"potentialAction\":[{\"@type\":\"SearchAction\",\"target\":{\"@type\":\"EntryPoint\",\"urlTemplate\":\"https:\/\/www.ardh.pt\/?s={search_term_string}\"},\"query-input\":{\"@type\":\"PropertyValueSpecification\",\"valueRequired\":true,\"valueName\":\"search_term_string\"}}],\"inLanguage\":\"en-GB\"},{\"@type\":\"Organization\",\"@id\":\"https:\/\/www.ardh.pt\/#organization\",\"name\":\"Adapta\u00e7\u00e3o Rendimento e Desenvolvimento Humano\",\"url\":\"https:\/\/www.ardh.pt\/\",\"logo\":{\"@type\":\"ImageObject\",\"inLanguage\":\"en-GB\",\"@id\":\"https:\/\/www.ardh.pt\/#\/schema\/logo\/image\/\",\"url\":\"https:\/\/www.ardh.pt\/wp-content\/uploads\/2018\/02\/Desenho-sem-nome-e1518629927584.png\",\"contentUrl\":\"https:\/\/www.ardh.pt\/wp-content\/uploads\/2018\/02\/Desenho-sem-nome-e1518629927584.png\",\"width\":300,\"height\":60,\"caption\":\"Adapta\u00e7\u00e3o Rendimento e Desenvolvimento Humano\"},\"image\":{\"@id\":\"https:\/\/www.ardh.pt\/#\/schema\/logo\/image\/\"}}]}<\/script>\n<!-- \/ Yoast SEO plugin. -->","yoast_head_json":{"title":"Sobre N\u00f3s - ARDH-GI","robots":{"index":"index","follow":"follow","max-snippet":"max-snippet:-1","max-image-preview":"max-image-preview:large","max-video-preview":"max-video-preview:-1"},"canonical":"https:\/\/www.ardh.pt\/en\/ecv\/sobre-nos\/","og_locale":"en_GB","og_type":"article","og_title":"Sobre N\u00f3s - ARDH-GI","og_description":"O projeto Escola Compet\u00eancias de Vida (ECV) foi desenvolvido pelo grupo de investiga\u00e7\u00e3o Adapta\u00e7\u00e3o, Rendimento e Desenvolvimento Humano (ARDH-GI), visando [&hellip;]","og_url":"https:\/\/www.ardh.pt\/en\/ecv\/sobre-nos\/","og_site_name":"ARDH-GI","article_modified_time":"2018-07-28T15:52:30+00:00","twitter_card":"summary_large_image","twitter_misc":{"Estimated reading time":"1 minute"},"schema":{"@context":"https:\/\/schema.org","@graph":[{"@type":"WebPage","@id":"https:\/\/www.ardh.pt\/ecv\/sobre-nos\/","url":"https:\/\/www.ardh.pt\/ecv\/sobre-nos\/","name":"Sobre N\u00f3s - ARDH-GI","isPartOf":{"@id":"https:\/\/www.ardh.pt\/#website"},"datePublished":"2018-02-17T11:06:31+00:00","dateModified":"2018-07-28T15:52:30+00:00","breadcrumb":{"@id":"https:\/\/www.ardh.pt\/ecv\/sobre-nos\/#breadcrumb"},"inLanguage":"en-GB","potentialAction":[{"@type":"ReadAction","target":["https:\/\/www.ardh.pt\/ecv\/sobre-nos\/"]}]},{"@type":"BreadcrumbList","@id":"https:\/\/www.ardh.pt\/ecv\/sobre-nos\/#breadcrumb","itemListElement":[{"@type":"ListItem","position":1,"name":"In\u00edcio","item":"https:\/\/www.ardh.pt\/"},{"@type":"ListItem","position":2,"name":"ECV","item":"https:\/\/www.ardh.pt\/ecv\/"},{"@type":"ListItem","position":3,"name":"Sobre N\u00f3s"}]},{"@type":"WebSite","@id":"https:\/\/www.ardh.pt\/#website","url":"https:\/\/www.ardh.pt\/","name":"ARDH-GI","description":"Adapta\u00e7\u00e3o, Rendimento e Desenvolvimento Humano","publisher":{"@id":"https:\/\/www.ardh.pt\/#organization"},"potentialAction":[{"@type":"SearchAction","target":{"@type":"EntryPoint","urlTemplate":"https:\/\/www.ardh.pt\/?s={search_term_string}"},"query-input":{"@type":"PropertyValueSpecification","valueRequired":true,"valueName":"search_term_string"}}],"inLanguage":"en-GB"},{"@type":"Organization","@id":"https:\/\/www.ardh.pt\/#organization","name":"Adapta\u00e7\u00e3o Rendimento e Desenvolvimento Humano","url":"https:\/\/www.ardh.pt\/","logo":{"@type":"ImageObject","inLanguage":"en-GB","@id":"https:\/\/www.ardh.pt\/#\/schema\/logo\/image\/","url":"https:\/\/www.ardh.pt\/wp-content\/uploads\/2018\/02\/Desenho-sem-nome-e1518629927584.png","contentUrl":"https:\/\/www.ardh.pt\/wp-content\/uploads\/2018\/02\/Desenho-sem-nome-e1518629927584.png","width":300,"height":60,"caption":"Adapta\u00e7\u00e3o Rendimento e Desenvolvimento Humano"},"image":{"@id":"https:\/\/www.ardh.pt\/#\/schema\/logo\/image\/"}}]}},"_links":{"self":[{"href":"https:\/\/www.ardh.pt\/en\/wp-json\/wp\/v2\/pages\/399","targetHints":{"allow":["GET"]}}],"collection":[{"href":"https:\/\/www.ardh.pt\/en\/wp-json\/wp\/v2\/pages"}],"about":[{"href":"https:\/\/www.ardh.pt\/en\/wp-json\/wp\/v2\/types\/page"}],"author":[{"embeddable":true,"href":"https:\/\/www.ardh.pt\/en\/wp-json\/wp\/v2\/users\/1"}],"replies":[{"embeddable":true,"href":"https:\/\/www.ardh.pt\/en\/wp-json\/wp\/v2\/comments?post=399"}],"version-history":[{"count":12,"href":"https:\/\/www.ardh.pt\/en\/wp-json\/wp\/v2\/pages\/399\/revisions"}],"predecessor-version":[{"id":1714,"href":"https:\/\/www.ardh.pt\/en\/wp-json\/wp\/v2\/pages\/399\/revisions\/1714"}],"up":[{"embeddable":true,"href":"https:\/\/www.ardh.pt\/en\/wp-json\/wp\/v2\/pages\/155"}],"wp:attachment":[{"href":"https:\/\/www.ardh.pt\/en\/wp-json\/wp\/v2\/media?parent=399"}],"curies":[{"name":"wp","href":"https:\/\/api.w.org\/{rel}","templated":true}]}}